{"id":1884,"date":"2025-05-22T12:26:10","date_gmt":"2025-05-22T10:26:10","guid":{"rendered":"https:\/\/groupenuits.com\/?page_id=1884"},"modified":"2025-05-22T12:26:35","modified_gmt":"2025-05-22T10:26:35","slug":"laura","status":"publish","type":"page","link":"https:\/\/groupenuits.com\/index.php\/laura\/","title":{"rendered":"laura"},"content":{"rendered":"\n<div class=\"wp-block-columns is-layout-flex wp-container-core-columns-is-layout-1 wp-block-columns-is-layout-flex\">\n<div class=\"wp-block-column is-layout-flow wp-block-column-is-layout-flow\" style=\"flex-basis:33.33%\">\n<figure class=\"wp-block-image size-large\"><img loading=\"lazy\" decoding=\"async\" width=\"1024\" height=\"683\" src=\"http:\/\/groupenuits.com\/wp-content\/uploads\/2025\/05\/Portrait-1024x683.jpg\" alt=\"\" class=\"wp-image-1684\" srcset=\"https:\/\/groupenuits.com\/wp-content\/uploads\/2025\/05\/Portrait-1024x683.jpg 1024w, https:\/\/groupenuits.com\/wp-content\/uploads\/2025\/05\/Portrait-300x200.jpg 300w, https:\/\/groupenuits.com\/wp-content\/uploads\/2025\/05\/Portrait-768x512.jpg 768w, https:\/\/groupenuits.com\/wp-content\/uploads\/2025\/05\/Portrait-1536x1024.jpg 1536w, https:\/\/groupenuits.com\/wp-content\/uploads\/2025\/05\/Portrait-930x620.jpg 930w, https:\/\/groupenuits.com\/wp-content\/uploads\/2025\/05\/Portrait.jpg 1908w\" sizes=\"(max-width: 1024px) 100vw, 1024px\" \/><\/figure>\n<\/div>\n\n\n\n<div class=\"wp-block-column is-layout-flow wp-block-column-is-layout-flow\" style=\"flex-basis:66.66%\">\n<p><strong>Laura Delande, interpr\u00e8te (danse)<\/strong><\/p>\n\n\n\n<p>A la sortie de son dipl\u00f4me d\u2019ing\u00e9nieure en \u00e9nergie et environnement, Laura travaille pendant deux ans et demi en tant que charg\u00e9e d\u2019\u00e9tudes, sp\u00e9cialis\u00e9e dans la performance \u00e9nerg\u00e9tique des b\u00e2timents. Gr\u00e2ce \u00e0 un temps partiel, elle a pu y allier une pratique quotidienne de la danse lui permettant d\u2019\u00eatre interpr\u00e8te et chor\u00e9graphe pour des projets en amateur. Par la suite, elle d\u00e9cide de se consacrer pleinement \u00e0 la danse et d\u2019en faire son m\u00e9tier en int\u00e9grant la formation professionnelle de danse contemporaine du centre de formation D\u00e9soblique, \u00e0 Lyon, en 2020. En cours d\u2019ann\u00e9e, elle int\u00e8gre son jeune ballet, au sein duquel, elle a notamment particip\u00e9 \u00e0 la cr\u00e9ation de 5 pi\u00e8ces (chor\u00e9graphi\u00e9es par : Denis Plassard, Julien Monty, Laure Buathier, Julian Nicosia, Compagnie MF). En 2024, elle rejoint Groupe Nuits avec la cr\u00e9ation partag\u00e9e \u2018Grand bal\u2019 et la compagnie Quai 6, dirig\u00e9e par Romane Piffaut, pour la pi\u00e8ce \u2018Court \u00e0 4\u2019.<\/p>\n<\/div>\n<\/div>\n","protected":false},"excerpt":{"rendered":"<p>Laura Delande, interpr\u00e8te (danse) A la sortie de son dipl\u00f4me d\u2019ing\u00e9nieure en \u00e9nergie et environnement, Laura travaille pendant deux ans et demi en tant que charg\u00e9e d\u2019\u00e9tudes, sp\u00e9cialis\u00e9e dans la performance \u00e9nerg\u00e9tique des b\u00e2timents. Gr\u00e2ce \u00e0 un temps partiel, elle a pu y allier une pratique quotidienne de la danse lui permettant d\u2019\u00eatre interpr\u00e8te et&hellip;&nbsp;<a href=\"https:\/\/groupenuits.com\/index.php\/laura\/\" rel=\"bookmark\">Lire la suite &raquo;<span class=\"screen-reader-text\">laura<\/span><\/a><\/p>\n","protected":false},"author":1,"featured_media":0,"parent":0,"menu_order":0,"comment_status":"closed","ping_status":"closed","template":"","meta":{"neve_meta_sidebar":"","neve_meta_container":"","neve_meta_enable_content_width":"","neve_meta_content_width":0,"neve_meta_title_alignment":"","neve_meta_author_avatar":"","neve_post_elements_order":"","neve_meta_disable_header":"","neve_meta_disable_footer":"","neve_meta_disable_title":"on","footnotes":""},"_links":{"self":[{"href":"https:\/\/groupenuits.com\/index.php\/wp-json\/wp\/v2\/pages\/1884"}],"collection":[{"href":"https:\/\/groupenuits.com\/index.php\/wp-json\/wp\/v2\/pages"}],"about":[{"href":"https:\/\/groupenuits.com\/index.php\/wp-json\/wp\/v2\/types\/page"}],"author":[{"embeddable":true,"href":"https:\/\/groupenuits.com\/index.php\/wp-json\/wp\/v2\/users\/1"}],"replies":[{"embeddable":true,"href":"https:\/\/groupenuits.com\/index.php\/wp-json\/wp\/v2\/comments?post=1884"}],"version-history":[{"count":2,"href":"https:\/\/groupenuits.com\/index.php\/wp-json\/wp\/v2\/pages\/1884\/revisions"}],"predecessor-version":[{"id":1886,"href":"https:\/\/groupenuits.com\/index.php\/wp-json\/wp\/v2\/pages\/1884\/revisions\/1886"}],"wp:attachment":[{"href":"https:\/\/groupenuits.com\/index.php\/wp-json\/wp\/v2\/media?parent=1884"}],"curies":[{"name":"wp","href":"https:\/\/api.w.org\/{rel}","templated":true}]}}