{"id":1920,"date":"2025-05-23T14:28:29","date_gmt":"2025-05-23T12:28:29","guid":{"rendered":"https:\/\/groupenuits.com\/?page_id=1920"},"modified":"2025-06-06T14:01:19","modified_gmt":"2025-06-06T12:01:19","slug":"la-chloka","status":"publish","type":"page","link":"https:\/\/groupenuits.com\/index.php\/la-chloka\/","title":{"rendered":"la chloka"},"content":{"rendered":"\n<div class=\"wp-block-columns is-layout-flex wp-container-core-columns-is-layout-1 wp-block-columns-is-layout-flex\">\n<div class=\"wp-block-column is-layout-flow wp-block-column-is-layout-flow\" style=\"flex-basis:33.33%\">\n<figure class=\"wp-block-image size-full\"><img loading=\"lazy\" decoding=\"async\" width=\"904\" height=\"886\" src=\"https:\/\/groupenuits.com\/wp-content\/uploads\/2025\/05\/98ef9cea-a06b-4a30-aa2c-066dec6320a0-2.jpg\" alt=\"\" class=\"wp-image-1921\" srcset=\"https:\/\/groupenuits.com\/wp-content\/uploads\/2025\/05\/98ef9cea-a06b-4a30-aa2c-066dec6320a0-2.jpg 904w, https:\/\/groupenuits.com\/wp-content\/uploads\/2025\/05\/98ef9cea-a06b-4a30-aa2c-066dec6320a0-2-300x294.jpg 300w, https:\/\/groupenuits.com\/wp-content\/uploads\/2025\/05\/98ef9cea-a06b-4a30-aa2c-066dec6320a0-2-768x753.jpg 768w\" sizes=\"(max-width: 904px) 100vw, 904px\" \/><\/figure>\n<\/div>\n\n\n\n<div class=\"wp-block-column is-layout-flow wp-block-column-is-layout-flow\" style=\"flex-basis:66.66%\">\n<p><strong>LA CHLOKA &#8211; SUZANNE DEVAUX &amp; CLARA JUDE (conceptrices costumes)<\/strong><\/p>\n\n\n\n<p>La Chloka est un atelier partag\u00e9 fond\u00e9 par Clara et Suzanne en 2022 et situ\u00e9 en pied d\u2019immeuble \u00e0 Bron, regroupant plusieurs professionnelles du spectacle vivant : trois costumi\u00e8res et une sc\u00e9nographe. En ouvrant le lieu au public et en y organisant des rendez-vous r\u00e9guliers ou ponctuels autour du costume, Clara, Suzanne et leurs coll\u00e8gues y proposent une ouverture conviviale sur le spectacle vivant et de mani\u00e8re plus g\u00e9n\u00e9rale : l\u2019art et la culture.<\/p>\n<\/div>\n<\/div>\n\n\n\n<div class=\"wp-block-columns is-layout-flex wp-container-core-columns-is-layout-2 wp-block-columns-is-layout-flex\">\n<div class=\"wp-block-column is-layout-flow wp-block-column-is-layout-flow\" style=\"flex-basis:33.33%\">\n<figure class=\"wp-block-image size-large\"><img loading=\"lazy\" decoding=\"async\" width=\"683\" height=\"1024\" src=\"https:\/\/groupenuits.com\/wp-content\/uploads\/2025\/05\/PCOV-TNP-2025-03-12-9-683x1024.jpg\" alt=\"\" class=\"wp-image-1922\" srcset=\"https:\/\/groupenuits.com\/wp-content\/uploads\/2025\/05\/PCOV-TNP-2025-03-12-9-683x1024.jpg 683w, https:\/\/groupenuits.com\/wp-content\/uploads\/2025\/05\/PCOV-TNP-2025-03-12-9-200x300.jpg 200w, https:\/\/groupenuits.com\/wp-content\/uploads\/2025\/05\/PCOV-TNP-2025-03-12-9-768x1152.jpg 768w, https:\/\/groupenuits.com\/wp-content\/uploads\/2025\/05\/PCOV-TNP-2025-03-12-9-1024x1536.jpg 1024w, https:\/\/groupenuits.com\/wp-content\/uploads\/2025\/05\/PCOV-TNP-2025-03-12-9-1365x2048.jpg 1365w, https:\/\/groupenuits.com\/wp-content\/uploads\/2025\/05\/PCOV-TNP-2025-03-12-9-scaled.jpg 1707w\" sizes=\"(max-width: 683px) 100vw, 683px\" \/><\/figure>\n<\/div>\n\n\n\n<div class=\"wp-block-column is-layout-flow wp-block-column-is-layout-flow\" style=\"flex-basis:66.66%\">\n<p><strong>SUZANNE DEVAUX<\/strong><\/p>\n\n\n\n<p>Apr\u00e8s avoir assist\u00e9 la costumi\u00e8re Gwendoline Bouget sur diff\u00e9rents spectacles de Sylvain Creuzevault (<em>Les d\u00e9mons, Le grand Inquisiteur,&nbsp;Les Fr\u00e8res Karamazov<\/em>), Suzanne poursuit son cursus \u00e0 l\u2019ENSATT dont elle est dipl\u00f4m\u00e9e en 2022. Depuis 2019, elle collabore avec Lorraine de Sagazan (l<em>\u2019Absence de P\u00e8re,&nbsp;Un Sacre<\/em>&nbsp;et derni\u00e8rement&nbsp;<em>Le Silence<\/em>&nbsp;cr\u00e9\u00e9 en Janvier 2024&nbsp;\u00e0 la Com\u00e9die Fran\u00e7aise), Agathe Charnet (<em>Ceci est mon corps,&nbsp;Nous \u00e9tions la For\u00eat<\/em>), Georgia Tavares (<em>Je suis le vent, Je ne veux pas tuer mon p\u00e8re, Une chambre \u00e0 soi<\/em>) ou encore Jeanne Lazar (<em>Neiges Eternelles<\/em>).&nbsp;Les arts plastiques et graphiques sont importants dans la pratique costumi\u00e8re de Suzanne, qui aime r\u00e9-investir divers mat\u00e9riaux de r\u00e9cup\u00e9ration afin de cr\u00e9er des images riches en couleur et en cr\u00e9ativit\u00e9. Elle a plusieurs fois mis cette inventivit\u00e9 au service des spectacles jeunesse d&rsquo;Agn\u00e8s Renaud, Lillah Vial ou Taya Skorohdkova pour qui elle a cr\u00e9\u00e9 des coiffes volumineuses. Son go\u00fbt pour la transmission et la p\u00e9dagogie l\u2019am\u00e8ne r\u00e9guli\u00e8rement \u00e0 donner des ateliers d\u2019initiation au costume, dans des \u00e9tablissement scolaires de la maternelle au lyc\u00e9e.<\/p>\n<\/div>\n<\/div>\n\n\n\n<div class=\"wp-block-columns is-layout-flex wp-container-core-columns-is-layout-3 wp-block-columns-is-layout-flex\">\n<div class=\"wp-block-column is-layout-flow wp-block-column-is-layout-flow\" style=\"flex-basis:33.33%\">\n<figure class=\"wp-block-image size-large\"><img loading=\"lazy\" decoding=\"async\" width=\"1024\" height=\"1024\" src=\"https:\/\/groupenuits.com\/wp-content\/uploads\/2025\/06\/CLARA-1024x1024.jpg\" alt=\"\" class=\"wp-image-1981\" srcset=\"https:\/\/groupenuits.com\/wp-content\/uploads\/2025\/06\/CLARA-1024x1024.jpg 1024w, https:\/\/groupenuits.com\/wp-content\/uploads\/2025\/06\/CLARA-300x300.jpg 300w, https:\/\/groupenuits.com\/wp-content\/uploads\/2025\/06\/CLARA-150x150.jpg 150w, https:\/\/groupenuits.com\/wp-content\/uploads\/2025\/06\/CLARA-768x768.jpg 768w, https:\/\/groupenuits.com\/wp-content\/uploads\/2025\/06\/CLARA-1536x1536.jpg 1536w, https:\/\/groupenuits.com\/wp-content\/uploads\/2025\/06\/CLARA-2048x2048.jpg 2048w\" sizes=\"(max-width: 1024px) 100vw, 1024px\" \/><\/figure>\n<\/div>\n\n\n\n<div class=\"wp-block-column is-layout-flow wp-block-column-is-layout-flow\" style=\"flex-basis:66.66%\">\n<p><strong><strong>CLARA JUDE<\/strong><\/strong><\/p>\n\n\n\n<p>Clara engage son travail sur l&rsquo;enveloppe et la m\u00e9moire des corps en 2015, lors de ses \u00e9tudes aux Beaux arts de Toulouse, en travaillant notamment avec le d\u00e9partement danse de l&rsquo;\u00e9tablissement. Elle obtient un DNA mention \u00ab exp\u00e9rimentation et invention \u00bb. En 2019, elle int\u00e8gre l&rsquo;ENSATT en conception costume. Elle approfondie sa recherche sur l&rsquo;enveloppe en d\u00e9couvrant la coupe en un morceau au c\u00f4t\u00e9 de Dominique Fabr\u00e8gue, et poursuit ses exp\u00e9rimentations plastiques en explorant divers mat\u00e9riaux dans ses cr\u00e9ations costumes.<br>Son m\u00e9moire intitul\u00e9 \u00ab\u00a0Savoir(?)Faire\u00a0\u00bb interroge \u00e0 la fois philosophiquement et factuellement la place de la main et de la mati\u00e8re dans la conception costume. Elle traite notamment du \u00ab\u00a0Do It Yourself<em>\u00ab\u00a0<\/em>\u00a0et de l&rsquo;autodidaxie en prenant appui sur des courants tels que les Arts Bruts et Hors-les-normes (terme sugg\u00e9r\u00e9 par Jean Dubuffet.) Dans son travail de costumi\u00e8re et de plasticienne, elle se sp\u00e9cialise dans la technique du crochet comme outils de sculpture, et se forme \u00e0 l&rsquo;utilisation de la machine \u00e0 tricoter en 2025 chez LAINAMAC, pour pouvoir int\u00e9grer le tricot \u00e0 plus grande \u00e9chelle dans ses cr\u00e9ations. Clara cr\u00e9e pour le th\u00e9\u00e2tre, la danse, le cirque, et sensibilis\u00e9e par un parcours de musicienne, elle oriente \u00e9galement son travail de costumi\u00e8re vers la musique, en proposant son univers esth\u00e9tique au service de clips musicaux et de costumes de sc\u00e8ne.<\/p>\n<\/div>\n<\/div>\n","protected":false},"excerpt":{"rendered":"<p>LA CHLOKA &#8211; SUZANNE DEVAUX &amp; CLARA JUDE (conceptrices costumes) La Chloka est un atelier partag\u00e9 fond\u00e9 par Clara et Suzanne en 2022 et situ\u00e9 en pied d\u2019immeuble \u00e0 Bron, regroupant plusieurs professionnelles du spectacle vivant : trois costumi\u00e8res et une sc\u00e9nographe. En ouvrant le lieu au public et en y organisant des rendez-vous r\u00e9guliers&hellip;&nbsp;<a href=\"https:\/\/groupenuits.com\/index.php\/la-chloka\/\" rel=\"bookmark\">Lire la suite &raquo;<span class=\"screen-reader-text\">la chloka<\/span><\/a><\/p>\n","protected":false},"author":1,"featured_media":0,"parent":0,"menu_order":0,"comment_status":"closed","ping_status":"closed","template":"","meta":{"neve_meta_sidebar":"","neve_meta_container":"","neve_meta_enable_content_width":"","neve_meta_content_width":0,"neve_meta_title_alignment":"","neve_meta_author_avatar":"","neve_post_elements_order":"","neve_meta_disable_header":"","neve_meta_disable_footer":"","neve_meta_disable_title":"on","footnotes":""},"_links":{"self":[{"href":"https:\/\/groupenuits.com\/index.php\/wp-json\/wp\/v2\/pages\/1920"}],"collection":[{"href":"https:\/\/groupenuits.com\/index.php\/wp-json\/wp\/v2\/pages"}],"about":[{"href":"https:\/\/groupenuits.com\/index.php\/wp-json\/wp\/v2\/types\/page"}],"author":[{"embeddable":true,"href":"https:\/\/groupenuits.com\/index.php\/wp-json\/wp\/v2\/users\/1"}],"replies":[{"embeddable":true,"href":"https:\/\/groupenuits.com\/index.php\/wp-json\/wp\/v2\/comments?post=1920"}],"version-history":[{"count":5,"href":"https:\/\/groupenuits.com\/index.php\/wp-json\/wp\/v2\/pages\/1920\/revisions"}],"predecessor-version":[{"id":1982,"href":"https:\/\/groupenuits.com\/index.php\/wp-json\/wp\/v2\/pages\/1920\/revisions\/1982"}],"wp:attachment":[{"href":"https:\/\/groupenuits.com\/index.php\/wp-json\/wp\/v2\/media?parent=1920"}],"curies":[{"name":"wp","href":"https:\/\/api.w.org\/{rel}","templated":true}]}}