{"id":36,"date":"2017-12-28T15:56:01","date_gmt":"2017-12-28T14:56:01","guid":{"rendered":"http:\/\/groupenuits.com\/?page_id=36"},"modified":"2025-05-23T15:01:22","modified_gmt":"2025-05-23T13:01:22","slug":"groupe-nuits","status":"publish","type":"page","link":"https:\/\/groupenuits.com\/index.php\/groupe-nuits\/","title":{"rendered":"groupe nuits"},"content":{"rendered":"\n<div class=\"wp-block-columns is-layout-flex wp-container-core-columns-is-layout-2 wp-block-columns-is-layout-flex\">\n<div class=\"wp-block-column is-vertically-aligned-top is-layout-flow wp-block-column-is-layout-flow\" style=\"flex-basis:75%\">\n<div class=\"wp-block-columns is-layout-flex wp-container-core-columns-is-layout-1 wp-block-columns-is-layout-flex\">\n<div class=\"wp-block-column is-layout-flow wp-block-column-is-layout-flow\">\n<p style=\"font-size:12px\">GROUPE NUITS na\u00eet en 2018 sous l\u2019impulsion d\u2019Astrid Mayer, danseuse contemporaine et de Rapha\u00ebl Billet, acrobate, avec l\u2019envie de m\u00ealer leurs pratiques respectives pour raconter des histoires collectives et universelles au service d\u2019une \u00e9criture du mouvement minutieuse ponctu\u00e9e de jeu, d\u2019humour et de d\u00e9calage. Ensemble iels portent un projet chor\u00e9graphique, qui cherche \u00e0 inventer une nouvelle relation avec les espaces de jeu, le format et le rapport \/ la rencontre aux spectateur.rice.s. En 2019 sort <em>BRUT. <\/em>leur premier spectacle qu\u2019iels construiront dans diff\u00e9rents lieux dont une r\u00e9sidence en coll\u00e8ge, avec le souhait d\u2019inscrire la cr\u00e9ation dans des lieux de vie et ainsi partager le processus de cr\u00e9ation avec un large public.<br>De 2020 \u00e0 2023, iels partent en r\u00e9sidence territoriale dans le d\u00e9partement du Cantal, o\u00f9 seront cr\u00e9\u00e9 <em>Ce qui nous lie<\/em>, commande qui r\u00e9pond aux probl\u00e9matiques d\u2019un territoire rural o\u00f9 les structures culturelles se font rares et <em>Fin de luttes.<br><\/em>C\u2019est notamment gr\u00e2ce \u00e0 ce projet pluriannuel que la compagnie se structure avec l\u2019arriv\u00e9e de STP bureau d\u2019accompagnement et de production lyonnais co-fond\u00e9 par Sarah Corroyer et Aziliz Edy, toutes deux sortant de l\u2019ENSATT en 2020 et qui accompagne aujourd\u2019hui 5 autres compagnies (danse, cirque, th\u00e9\u00e2tre). Les cr\u00e9ations am\u00e8nent r\u00e9guli\u00e8rement Astrid et Rapha\u00ebl \u00e0 inventer des projets de m\u00e9diation parall\u00e8le avec diff\u00e9rents publics (scolaires, hospitaliers, personnes \u00e2g\u00e9es, \u00e9tudiant.es (en formation artistique), tout public&#8230;) avec la volont\u00e9 de transmettre et d\u2019imaginer de nouvelles passerelles entre la cr\u00e9ation et la m\u00e9diation. Ces projets peuvent prendre diff\u00e9rentes formes dont des cr\u00e9ations partag\u00e9es (spectacles ancr\u00e9s sur un territoire, o\u00f9 les habitant.e.s font partie du processus de cr\u00e9ation). <em>Grand bal <\/em>est n\u00e9 de cette envie de rencontre, de partage, d\u2019apprendre \u00e0 se faire confiance en groupe&#8230; <br>Install\u00e9 \u00e0 Bourg-en-Bresse, dans le d\u00e9partement de l\u2019Ain, groupe nuits souhaite construire une relation durable et de proximit\u00e9 avec son territoire et ses habitant.e.s. C\u2019est ainsi qu\u2019elle se donne pour mission :<br>&#8211; d\u2019organiser un festival de danse contemporaine T\u2019en veux en corps ?, co-r\u00e9alis\u00e9 depuis quatre \u00e9ditions avec la Sc\u00e8ne nationale de Bourg-en-Bresse et de nombreux autres partenaires de Bourg- en-Bresse. Groupe nuits souhaite accompagner et \u00eatre structurante aupr\u00e8s des auteur.ice.s chor\u00e9graphiques de la nouvelle g\u00e9n\u00e9ration et contribuer \u00e0 rendre accessible la danse contemporaine dans un esprit convivial et festif, <br>&#8211; de pr\u00e9figurer un p\u00f4le ressource et de cr\u00e9ation d\u00e9di\u00e9 aux arts du mouvement, LA PLACE.<\/p>\n<\/div>\n<\/div>\n\n\n\n<div class=\"wp-block-buttons is-layout-flex wp-block-buttons-is-layout-flex\">\n<div class=\"wp-block-button has-custom-font-size is-style-secondary has-small-font-size\"><a class=\"wp-block-button__link wp-element-button\" href=\"http:\/\/groupenuits.com\/index.php\/1158-2\/\">Astrid &amp; Rapha\u00ebl<\/a><\/div>\n\n\n\n<div class=\"wp-block-button has-custom-font-size is-style-secondary has-small-font-size\"><a class=\"wp-block-button__link wp-element-button\" href=\"http:\/\/groupenuits.com\/index.php\/1164-2\/\">Collaborateurs.trices<\/a><\/div>\n<\/div>\n<\/div>\n\n\n\n<div class=\"wp-block-column is-layout-flow wp-block-column-is-layout-flow\" style=\"flex-basis:33.33%\">\n<figure class=\"wp-block-image size-large\"><img loading=\"lazy\" decoding=\"async\" width=\"1024\" height=\"683\" src=\"http:\/\/groupenuits.com\/wp-content\/uploads\/2022\/07\/garanceli-fin-de-lutte-oct21-0016-1024x683.jpg\" alt=\"\" class=\"wp-image-1061\" srcset=\"https:\/\/groupenuits.com\/wp-content\/uploads\/2022\/07\/garanceli-fin-de-lutte-oct21-0016-1024x683.jpg 1024w, https:\/\/groupenuits.com\/wp-content\/uploads\/2022\/07\/garanceli-fin-de-lutte-oct21-0016-300x200.jpg 300w, https:\/\/groupenuits.com\/wp-content\/uploads\/2022\/07\/garanceli-fin-de-lutte-oct21-0016-768x512.jpg 768w, https:\/\/groupenuits.com\/wp-content\/uploads\/2022\/07\/garanceli-fin-de-lutte-oct21-0016-930x620.jpg 930w, https:\/\/groupenuits.com\/wp-content\/uploads\/2022\/07\/garanceli-fin-de-lutte-oct21-0016.jpg 1080w\" sizes=\"(max-width: 1024px) 100vw, 1024px\" \/><\/figure>\n\n\n\n<figure class=\"wp-block-image size-large\"><img loading=\"lazy\" decoding=\"async\" width=\"1024\" height=\"683\" src=\"http:\/\/groupenuits.com\/wp-content\/uploads\/2022\/07\/garance-li-emmeler-astree-fev18-073-1024x683.jpg\" alt=\"\" class=\"wp-image-1155\" srcset=\"https:\/\/groupenuits.com\/wp-content\/uploads\/2022\/07\/garance-li-emmeler-astree-fev18-073-1024x683.jpg 1024w, https:\/\/groupenuits.com\/wp-content\/uploads\/2022\/07\/garance-li-emmeler-astree-fev18-073-300x200.jpg 300w, https:\/\/groupenuits.com\/wp-content\/uploads\/2022\/07\/garance-li-emmeler-astree-fev18-073-768x512.jpg 768w, https:\/\/groupenuits.com\/wp-content\/uploads\/2022\/07\/garance-li-emmeler-astree-fev18-073-1536x1024.jpg 1536w, https:\/\/groupenuits.com\/wp-content\/uploads\/2022\/07\/garance-li-emmeler-astree-fev18-073-2048x1366.jpg 2048w, https:\/\/groupenuits.com\/wp-content\/uploads\/2022\/07\/garance-li-emmeler-astree-fev18-073-930x620.jpg 930w\" sizes=\"(max-width: 1024px) 100vw, 1024px\" \/><\/figure>\n<\/div>\n<\/div>\n","protected":false},"excerpt":{"rendered":"<p>GROUPE NUITS na\u00eet en 2018 sous l\u2019impulsion d\u2019Astrid Mayer, danseuse contemporaine et de Rapha\u00ebl Billet, acrobate, avec l\u2019envie de m\u00ealer leurs pratiques respectives pour raconter des histoires collectives et universelles au service d\u2019une \u00e9criture du mouvement minutieuse ponctu\u00e9e de jeu, d\u2019humour et de d\u00e9calage. Ensemble iels portent un projet chor\u00e9graphique, qui cherche \u00e0 inventer une&hellip;&nbsp;<a href=\"https:\/\/groupenuits.com\/index.php\/groupe-nuits\/\" rel=\"bookmark\">Lire la suite &raquo;<span class=\"screen-reader-text\">groupe nuits<\/span><\/a><\/p>\n","protected":false},"author":1,"featured_media":0,"parent":0,"menu_order":1,"comment_status":"closed","ping_status":"closed","template":"","meta":{"neve_meta_sidebar":"","neve_meta_container":"","neve_meta_enable_content_width":"","neve_meta_content_width":0,"neve_meta_title_alignment":"","neve_meta_author_avatar":"","neve_post_elements_order":"","neve_meta_disable_header":"","neve_meta_disable_footer":"","neve_meta_disable_title":"on","footnotes":""},"_links":{"self":[{"href":"https:\/\/groupenuits.com\/index.php\/wp-json\/wp\/v2\/pages\/36"}],"collection":[{"href":"https:\/\/groupenuits.com\/index.php\/wp-json\/wp\/v2\/pages"}],"about":[{"href":"https:\/\/groupenuits.com\/index.php\/wp-json\/wp\/v2\/types\/page"}],"author":[{"embeddable":true,"href":"https:\/\/groupenuits.com\/index.php\/wp-json\/wp\/v2\/users\/1"}],"replies":[{"embeddable":true,"href":"https:\/\/groupenuits.com\/index.php\/wp-json\/wp\/v2\/comments?post=36"}],"version-history":[{"count":43,"href":"https:\/\/groupenuits.com\/index.php\/wp-json\/wp\/v2\/pages\/36\/revisions"}],"predecessor-version":[{"id":1956,"href":"https:\/\/groupenuits.com\/index.php\/wp-json\/wp\/v2\/pages\/36\/revisions\/1956"}],"wp:attachment":[{"href":"https:\/\/groupenuits.com\/index.php\/wp-json\/wp\/v2\/media?parent=36"}],"curies":[{"name":"wp","href":"https:\/\/api.w.org\/{rel}","templated":true}]}}