{"id":878,"date":"2021-07-21T10:21:45","date_gmt":"2021-07-21T08:21:45","guid":{"rendered":"http:\/\/groupenuits.com\/?page_id=878"},"modified":"2025-05-23T15:06:33","modified_gmt":"2025-05-23T13:06:33","slug":"ce-qui-nous-lie","status":"publish","type":"page","link":"https:\/\/groupenuits.com\/index.php\/ce-qui-nous-lie\/","title":{"rendered":"ce qui nous lie"},"content":{"rendered":"\n<div class=\"wp-block-columns is-layout-flex wp-container-core-columns-is-layout-2 wp-block-columns-is-layout-flex\">\n<div class=\"wp-block-column is-layout-flow wp-block-column-is-layout-flow\">\n<p class=\"has-medium-font-size\"><strong>CE QUI NOUS LIE<\/strong> &#8211; cr\u00e9ation 2022<\/p>\n\n\n\n<p style=\"font-size:16px\">Trois individus dansent ensemble, reli\u00e9s, \u00e0 l\u2019\u00e9coute, de l\u2019autre, du groupe, du monde. Iels prennent place dans des espaces quotidiens, des lieux de vie, s\u2019immiscent sur des terrains inattendus\u2026 Ils nouent un lien avec le public initial et les personnes rencontr\u00e9es sur leurs chemins, au d\u00e9tour d\u2019une ruelle, sur la place du march\u00e9, dans la cour de r\u00e9cr\u00e9\u2026 Iels invitent \u00e0 se d\u00e9placer, se mettre en mouvement, adopter un nouveau point de vue, prendre une place.<br>Ces zones de rencontres chor\u00e9graphiques d\u00e9veloppent de multiples tentatives de mise en lien : de quelles mani\u00e8res sommes-nous reli\u00e9s ?<br>comment se mettre en lien avec des inconnus, des rencontres furtives ?<br><em>Ce qui nous lie<\/em> s\u2019imagine comme une exp\u00e9rience collective et immersive avec laquelle on prend le temps d\u2019observer, de faire ensemble, de se mettre en contact, de sentir que nous sommes plusieurs plis issus d\u2019un m\u00eame tissu.<\/p>\n\n\n\n<p style=\"font-size:14px\">cr\u00e9ation 2022<br>danse \/ cirque<br>in-situ<br>dedans &#8211; dehors &#8211; en d\u00e9placement dur\u00e9e totale : 50min &#8211; tout public<br>jauge : 200 personnes<\/p>\n\n\n\n<div class=\"wp-block-columns is-layout-flex wp-container-core-columns-is-layout-1 wp-block-columns-is-layout-flex\">\n<div class=\"wp-block-column is-layout-flow wp-block-column-is-layout-flow\" style=\"flex-basis:100%\">\n<p><strong>chor\u00e9graphie<\/strong><br>Astrid Mayer &amp; Rapha\u00ebl Billet<br><strong>interpr\u00e9tation<\/strong><br>Rapha\u00ebl Billet, acrobatie<br>Astrid Mayer, danse<br>Sandrine Roldan, danse<br><strong>composition musicale<\/strong><br>Felix Joubert &amp; Jean Gueudr\u00e9<br><strong>dispositif sonore<\/strong><br>Jean Gueudr\u00e9<br><strong>r\u00e9gie son<\/strong><br>Amaury Dupuis en alternance avec Isia Delmer<br><strong>regard ext\u00e9rieur chor\u00e9graphique<br><\/strong>Estelle Olivier &amp; Laure Buathier <strong><br>regard ext\u00e9rieur th\u00e9\u00e2tral<br><\/strong>Quentin Brevet<br><strong>costumes<\/strong><br>M\u00e9lody Cheyrou<\/p>\n\n\n\n<p><strong>production<\/strong><br>Collectif STP &#8211; Aziliz Edy &amp; Sarah Corroyer<\/p>\n<\/div>\n<\/div>\n<\/div>\n\n\n\n<div class=\"wp-block-column is-layout-flow wp-block-column-is-layout-flow\">\n<figure class=\"wp-block-embed is-type-video is-provider-vimeo wp-block-embed-vimeo wp-embed-aspect-16-9 wp-has-aspect-ratio\"><div class=\"wp-block-embed__wrapper\">\n<div class=\"nv-iframe-embed\"><iframe loading=\"lazy\" title=\"Ce qui nous lie - cr\u00e9ation 2022\" src=\"https:\/\/player.vimeo.com\/video\/731300375?dnt=1&amp;app_id=122963\" width=\"1200\" height=\"675\" frameborder=\"0\" allow=\"autoplay; fullscreen; picture-in-picture; clipboard-write; encrypted-media\"><\/iframe><\/div>\n<\/div><\/figure>\n\n\n\n<figure class=\"wp-block-image size-large is-resized\"><img loading=\"lazy\" decoding=\"async\" width=\"1024\" height=\"683\" src=\"http:\/\/groupenuits.com\/wp-content\/uploads\/2022\/07\/garanceli-GroupeNuits-CQNL-culoz-janvier2021-225-1024x683.jpg\" alt=\"\" class=\"wp-image-1038\" style=\"aspect-ratio:1.5;width:569px;height:auto\" srcset=\"https:\/\/groupenuits.com\/wp-content\/uploads\/2022\/07\/garanceli-GroupeNuits-CQNL-culoz-janvier2021-225-1024x683.jpg 1024w, https:\/\/groupenuits.com\/wp-content\/uploads\/2022\/07\/garanceli-GroupeNuits-CQNL-culoz-janvier2021-225-300x200.jpg 300w, https:\/\/groupenuits.com\/wp-content\/uploads\/2022\/07\/garanceli-GroupeNuits-CQNL-culoz-janvier2021-225-768x512.jpg 768w, https:\/\/groupenuits.com\/wp-content\/uploads\/2022\/07\/garanceli-GroupeNuits-CQNL-culoz-janvier2021-225-930x620.jpg 930w, https:\/\/groupenuits.com\/wp-content\/uploads\/2022\/07\/garanceli-GroupeNuits-CQNL-culoz-janvier2021-225.jpg 1500w\" sizes=\"(max-width: 1024px) 100vw, 1024px\" \/><\/figure>\n\n\n\n<figure class=\"wp-block-image size-large is-resized\"><img loading=\"lazy\" decoding=\"async\" width=\"1024\" height=\"683\" src=\"https:\/\/groupenuits.com\/wp-content\/uploads\/2025\/05\/TF23_Yverdon_yuri-pires-tavares_Ce-qui-nous-lie_BQ_12-1024x683.jpg\" alt=\"\" class=\"wp-image-1721\" style=\"width:569px;height:auto\" srcset=\"https:\/\/groupenuits.com\/wp-content\/uploads\/2025\/05\/TF23_Yverdon_yuri-pires-tavares_Ce-qui-nous-lie_BQ_12-1024x683.jpg 1024w, https:\/\/groupenuits.com\/wp-content\/uploads\/2025\/05\/TF23_Yverdon_yuri-pires-tavares_Ce-qui-nous-lie_BQ_12-300x200.jpg 300w, https:\/\/groupenuits.com\/wp-content\/uploads\/2025\/05\/TF23_Yverdon_yuri-pires-tavares_Ce-qui-nous-lie_BQ_12-768x512.jpg 768w, https:\/\/groupenuits.com\/wp-content\/uploads\/2025\/05\/TF23_Yverdon_yuri-pires-tavares_Ce-qui-nous-lie_BQ_12-1536x1024.jpg 1536w, https:\/\/groupenuits.com\/wp-content\/uploads\/2025\/05\/TF23_Yverdon_yuri-pires-tavares_Ce-qui-nous-lie_BQ_12-2048x1365.jpg 2048w, https:\/\/groupenuits.com\/wp-content\/uploads\/2025\/05\/TF23_Yverdon_yuri-pires-tavares_Ce-qui-nous-lie_BQ_12-930x620.jpg 930w\" sizes=\"(max-width: 1024px) 100vw, 1024px\" \/><\/figure>\n<\/div>\n<\/div>\n\n\n\n<p style=\"font-size:12px\"><strong>production<\/strong> : groupe nuits <strong>co-production<\/strong> : La Manufacture \u2013 Vendetta Mathea \u2013 incubateur chor\u00e9graphique, D\u00e9partement du Cantal <strong>soutiens financiers<\/strong> : DRAC Auvergne Rh\u00f4ne-Alpes, Conseil d\u00e9partemental de l\u2019Ain, DAAC, Communaut\u00e9 de Communes, Bugey Sud, l&rsquo;ADAMI. Soutien financier et accueil en r\u00e9sidence dans le cadre de la R\u00e9sidence territoriale imagin\u00e9e par la Direction de l\u2019action culturelle du Conseil d\u00e9partemental du Cantal, co- organis\u00e9e avec le th\u00e9\u00e2tre de la Ville d\u2019Aurillac- sc\u00e8ne conventionn\u00e9e et La Manufacture \u2013 Vendetta Mathea \u2013 incubateur chor\u00e9graphique, avec le soutien de la DRAC Auvergne-Rh\u00f4ne Alpes <strong>accueils en r\u00e9sidence<\/strong> : La Manufacture \u2013 Vendetta Mathea \u2013 incubateur chor\u00e9graphique (15) Lyc\u00e9e Agricole Saint-Flour(15) Coll\u00e8ges de Culoz et d\u2019Artemare, de Brou et Lyc\u00e9e du Bugey (01) Maison de la Culture et de la Citoyennet\u00e9 (01) ENSATT (69) Le Grand\u2019R &#8211; Les Quidams (01) A b\u00e9n\u00e9fici\u00e9 de la mise \u00e0 disposition de studio au CND Centre National de la Danse (69) <\/p>\n\n\n\n<div class=\"wp-block-buttons is-layout-flex wp-block-buttons-is-layout-flex\">\n<div class=\"wp-block-button is-style-secondary\"><a class=\"wp-block-button__link wp-element-button\" href=\"http:\/\/groupenuits.com\/wp-content\/uploads\/2025\/05\/cequinouslie-DIFF.pdf\">Dossier Diffusion <em>Ce qui nous lie<\/em><\/a><\/div>\n<\/div>\n","protected":false},"excerpt":{"rendered":"<p>CE QUI NOUS LIE &#8211; cr\u00e9ation 2022 Trois individus dansent ensemble, reli\u00e9s, \u00e0 l\u2019\u00e9coute, de l\u2019autre, du groupe, du monde. Iels prennent place dans des espaces quotidiens, des lieux de vie, s\u2019immiscent sur des terrains inattendus\u2026 Ils nouent un lien avec le public initial et les personnes rencontr\u00e9es sur leurs chemins, au d\u00e9tour d\u2019une ruelle,&hellip;&nbsp;<a href=\"https:\/\/groupenuits.com\/index.php\/ce-qui-nous-lie\/\" rel=\"bookmark\">Lire la suite &raquo;<span class=\"screen-reader-text\">ce qui nous lie<\/span><\/a><\/p>\n","protected":false},"author":1,"featured_media":0,"parent":0,"menu_order":0,"comment_status":"closed","ping_status":"closed","template":"","meta":{"neve_meta_sidebar":"","neve_meta_container":"","neve_meta_enable_content_width":"","neve_meta_content_width":0,"neve_meta_title_alignment":"","neve_meta_author_avatar":"","neve_post_elements_order":"","neve_meta_disable_header":"","neve_meta_disable_footer":"","neve_meta_disable_title":"on","footnotes":""},"_links":{"self":[{"href":"https:\/\/groupenuits.com\/index.php\/wp-json\/wp\/v2\/pages\/878"}],"collection":[{"href":"https:\/\/groupenuits.com\/index.php\/wp-json\/wp\/v2\/pages"}],"about":[{"href":"https:\/\/groupenuits.com\/index.php\/wp-json\/wp\/v2\/types\/page"}],"author":[{"embeddable":true,"href":"https:\/\/groupenuits.com\/index.php\/wp-json\/wp\/v2\/users\/1"}],"replies":[{"embeddable":true,"href":"https:\/\/groupenuits.com\/index.php\/wp-json\/wp\/v2\/comments?post=878"}],"version-history":[{"count":34,"href":"https:\/\/groupenuits.com\/index.php\/wp-json\/wp\/v2\/pages\/878\/revisions"}],"predecessor-version":[{"id":1959,"href":"https:\/\/groupenuits.com\/index.php\/wp-json\/wp\/v2\/pages\/878\/revisions\/1959"}],"wp:attachment":[{"href":"https:\/\/groupenuits.com\/index.php\/wp-json\/wp\/v2\/media?parent=878"}],"curies":[{"name":"wp","href":"https:\/\/api.w.org\/{rel}","templated":true}]}}